{"id":16675,"date":"2020-03-23T17:45:33","date_gmt":"2020-03-23T16:45:33","guid":{"rendered":"https:\/\/sbv-asgm.ch\/?page_id=16675"},"modified":"2024-06-13T15:11:10","modified_gmt":"2024-06-13T13:11:10","slug":"covid-19","status":"publish","type":"page","link":"https:\/\/sbv-asgm.ch\/fr\/covid-19\/","title":{"rendered":"Covid 19"},"content":{"rendered":"\n<style type=\"text\/css\" data-created_by=\"avia_inline_auto\" id=\"style-css-av-i94e5c-d79edba48057357ee7bb35d61c86208b\">\n.flex_column.av-i94e5c-d79edba48057357ee7bb35d61c86208b{\nborder-radius:0px 0px 0px 0px;\npadding:0px 0px 0px 0px;\n}\n<\/style>\n<div  class='flex_column av-i94e5c-d79edba48057357ee7bb35d61c86208b av_three_fifth  avia-builder-el-0  el_before_av_two_fifth  avia-builder-el-first  first flex_column_div av-zero-column-padding  '     ><section  class='av_textblock_section av-k3607plo-65eb1305e1e2087da42c39f997228633 '   itemscope=\"itemscope\" itemtype=\"https:\/\/schema.org\/CreativeWork\" ><div class='avia_textblock'  itemprop=\"text\" ><h2><strong><span style=\"font-size: 18pt;\"><span style=\"font-size: 24pt;\">COVID-19<\/span><\/span><\/strong><\/h2>\n<p>\u00bb Lev\u00e9e des mesures de protection Corona dans les cabanes du CAS<\/p>\n<p>\u00bb\u00a0UIAGM Worldwide Corona Info<\/p>\n<p>\u00bb\u00a0<a href=\"https:\/\/www.myswitzerland.com\/fr-ch\/planification\/transports-sejour\/arriver-en-suisse\/what-is-opening-and-when\/\" target=\"_blank\" rel=\"noopener\">R\u00e9ouvertures : o\u00f9, quand, comment ?<\/a><\/p>\n<\/div><\/section><\/div>\n<style type=\"text\/css\" data-created_by=\"avia_inline_auto\" id=\"style-css-av-z4a8v4-950d6ccc0e9294b50b8c14a9c5d98e96\">\n.flex_column.av-z4a8v4-950d6ccc0e9294b50b8c14a9c5d98e96{\nborder-radius:0px 0px 0px 0px;\npadding:0px 0px 0px 0px;\n}\n<\/style>\n<div  class='flex_column av-z4a8v4-950d6ccc0e9294b50b8c14a9c5d98e96 av_two_fifth  avia-builder-el-2  el_after_av_three_fifth  avia-builder-el-last  flex_column_div av-zero-column-padding  '     ><p>\n<style type=\"text\/css\" data-created_by=\"avia_inline_auto\" id=\"style-css-av-k35zddy6-a4664c8371129d9030e7c207e19ae155\">\n.avia-image-container.av-k35zddy6-a4664c8371129d9030e7c207e19ae155 img.avia_image{\nbox-shadow:none;\n}\n.avia-image-container.av-k35zddy6-a4664c8371129d9030e7c207e19ae155 .av-image-caption-overlay-center{\ncolor:#ffffff;\n}\n<\/style>\n<div  class='avia-image-container av-k35zddy6-a4664c8371129d9030e7c207e19ae155 av-styling- avia-align-left  avia-builder-el-3  el_before_av_textblock  avia-builder-el-first '   itemprop=\"image\" itemscope=\"itemscope\" itemtype=\"https:\/\/schema.org\/ImageObject\" ><div class=\"avia-image-container-inner\"><div class=\"avia-image-overlay-wrap\"><img decoding=\"async\" fetchpriority=\"high\" class='wp-image-16476 avia-img-lazy-loading-not-16476 avia_image ' src=\"https:\/\/sbv-asgm.ch\/wp-content\/uploads\/Corona.jpg\" alt='' title='Corona'  height=\"300\" width=\"400\"  itemprop=\"thumbnailUrl\" srcset=\"https:\/\/sbv-asgm.ch\/wp-content\/uploads\/Corona.jpg 400w, https:\/\/sbv-asgm.ch\/wp-content\/uploads\/Corona-300x225.jpg 300w\" sizes=\"(max-width: 400px) 100vw, 400px\" \/><\/div><\/div><\/div><br \/>\n<section  class='av_textblock_section av-k84p8c0w-16df9824f6a13293b1d53177140fb3ee '   itemscope=\"itemscope\" itemtype=\"https:\/\/schema.org\/CreativeWork\" ><div class='avia_textblock'  itemprop=\"text\" ><p><strong><br \/>\nFAQ:<br \/>\n<\/strong><\/p>\n<p><strong>27.3.2020<\/strong><\/p>\n<p>Que peux-je faire en cas d&rsquo;annulation de courses et de cours du 16 mars au 19 avril 2020 ?<\/p>\n<p>\u00bb <a href=\"https:\/\/sbv-asgm.ch\/wp-content\/uploads\/Marche_\u00e0_suivre_annulations_fr_RC_PM-1.pdf\" target=\"_blank\" rel=\"noopener\">Guide des annulations li\u00e9es au Covid-19<\/a><\/p>\n<p><strong><br \/>\n7.4.2020<br \/>\n<\/strong><\/p>\n<ul>\n<li>Si je suis enregistr\u00e9 comme ind\u00e9pendant (guide de montagnes, accompagnateur-trice en montagne, professeur-e d&rsquo;escalade) dans une caisse de compensation, puis-je d\u00e9clarer ma perte \u00e9conomique et b\u00e9n\u00e9ficier des aides financi\u00e8res promises par la Conf\u00e9d\u00e9ration\u00a0?<strong> OUI<\/strong><\/li>\n<li>Durant cette p\u00e9riode d\u2019interdiction de travail comme guide de montagnes, accompagnateur-trice en montagne, professeur-e d&rsquo;escalade, puis-je exercer une autre activit\u00e9 autoris\u00e9e et r\u00e9mun\u00e9r\u00e9e\u00a0?\u00a0<strong>OUI, JE PEUX. LES REVENUS QUE JE G\u00c9N\u00c8RE NE SERONT PAS SOUSTRAITS DES REVENUS DE L&rsquo;ALLOCATION DE PERTE DE GAIN EN CAS DE CORONAVIRUS<\/strong><\/li>\n<li>Si je per\u00e7ois des revenus tiers ou des remboursements de la part de mes clients, est-ce que ces montants seront \u00e0 d\u00e9duire des prestations financi\u00e8res \u00e0 recevoir de la Conf\u00e9d\u00e9ration\u00a0? <strong>NON. L&rsquo;ALLOCATION DE PERTE DE GAIN EN CAS DE CORONAVIRUS EST BAS\u00c9 SUR LE DERNIER REVENU SOUMIS \u00c0 L&rsquo;AVS. LE MONTANT DES DOMMAGES R\u00c9ELS N&rsquo;EST PAS PRIS EN COMPTE.<\/strong><\/li>\n<li>Est-ce que les aides financi\u00e8res promises par la Conf\u00e9d\u00e9ration pourront \u00eatre percUes apr\u00e8s le 19 avril 2020\u00a0? <strong>OUI<\/strong><br \/>\n(Actuellement les ordonnances \u00e9mises par la Conf\u00e9d\u00e9ration sont valables 6 mois. Celles-ci s\u2019appliquent aussi longtemps que l\u2019interdiction d\u2019exercer s\u2019applique (et aussi longtemps que la Conf\u00e9d\u00e9ration peut assumer ses engagements financiers)<\/li>\n<\/ul>\n<p>\u00bb <a href=\"https:\/\/sbv-asgm.ch\/wp-content\/uploads\/318.758.vers_.25-03-2020_F_web.pdf\" target=\"_blank\" rel=\"noopener\">Formulaire PDF Demande d\u2019allocation pour perte de gain en cas de coronavirus<\/a><\/p>\n<p><strong>INFORMATIONS SUPPL\u00c9MENTAIRES:<\/strong><\/p>\n<p>\u00bb <a href=\"https:\/\/www.seco.admin.ch\/seco\/fr\/home.html\" target=\"_blank\" rel=\"noopener\">Secr\u00e9tariat d&rsquo;\u00c9tat \u00e0 l&rsquo;\u00e9conomie SECO<\/a><br \/>\n\u00bb <a href=\"https:\/\/www.bag.admin.ch\/bag\/fr\/home.html\" target=\"_blank\" rel=\"noopener\">Office f\u00e9d\u00e9ral de la sant\u00e9 publique OFSP<\/a><\/p>\n<p><strong><br \/>\nLe secr\u00e9tariat g\u00e9n\u00e9ral:<br \/>\n<\/strong>Le secr\u00e9tariat g\u00e9n\u00e9ral est temporairement d\u00e9localis\u00e9 aux domiciles de Claudine, Sandra et Pierre (home office). Le service t\u00e9l\u00e9phonique est interrompu pour des raisons techniques jusqu\u2019\u00e0 nouvel avis. Nous vous informons et r\u00e9pondons \u00e0 vos questions en tout temps par E-mail \u00e0 : <a href=\"mailto:info@sbv-asgm.ch\" target=\"_blank\" rel=\"noopener\">info@sbv-asgm.ch<\/a>\u00a0 ou <a href=\"mailto:ausbildung@sbv-asgm.ch\" target=\"_blank\" rel=\"noopener\">ausbildung@sbv-asgm.ch<\/a>. En cas d&rsquo;urgence uniquement, Pierre Mathey, secr\u00e9taire g\u00e9n\u00e9ral, r\u00e9pond \u00e0 vos appels au no 079 330 14 11.<\/p>\n<\/div><\/section><\/p><\/div><\/p>\n","protected":false},"excerpt":{"rendered":"","protected":false},"author":10,"featured_media":0,"parent":0,"menu_order":63,"comment_status":"closed","ping_status":"closed","template":"","meta":{"footnotes":"","_links_to":"","_links_to_target":""},"class_list":["post-16675","page","type-page","status-publish","hentry"],"yoast_head":"<!-- This site is optimized with the Yoast SEO plugin v27.5 - https:\/\/yoast.com\/product\/yoast-seo-wordpress\/ -->\n<title>Covid 19 - Schweizer Bergf\u00fchrerverband SBV-ASGM<\/title>\n<meta name=\"robots\" content=\"index, follow, max-snippet:-1, max-image-preview:large, max-video-preview:-1\" \/>\n<link rel=\"canonical\" href=\"https:\/\/sbv-asgm.ch\/fr\/covid-19\/\" \/>\n<meta property=\"og:locale\" content=\"fr_FR\" \/>\n<meta property=\"og:type\" content=\"article\" \/>\n<meta property=\"og:title\" content=\"Covid 19 - Schweizer Bergf\u00fchrerverband SBV-ASGM\" \/>\n<meta property=\"og:url\" content=\"https:\/\/sbv-asgm.ch\/fr\/covid-19\/\" \/>\n<meta property=\"og:site_name\" content=\"Schweizer Bergf\u00fchrerverband SBV-ASGM\" \/>\n<meta property=\"article:modified_time\" content=\"2024-06-13T13:11:10+00:00\" \/>\n<meta name=\"twitter:card\" content=\"summary_large_image\" \/>\n<meta name=\"twitter:label1\" content=\"Dur\u00e9e de lecture estim\u00e9e\" \/>\n\t<meta name=\"twitter:data1\" content=\"4 minutes\" \/>\n<script type=\"application\/ld+json\" class=\"yoast-schema-graph\">{\"@context\":\"https:\\\/\\\/schema.org\",\"@graph\":[{\"@type\":\"WebPage\",\"@id\":\"https:\\\/\\\/sbv-asgm.ch\\\/fr\\\/covid-19\\\/\",\"url\":\"https:\\\/\\\/sbv-asgm.ch\\\/fr\\\/covid-19\\\/\",\"name\":\"Covid 19 - Schweizer Bergf\u00fchrerverband SBV-ASGM\",\"isPartOf\":{\"@id\":\"https:\\\/\\\/sbv-asgm.ch\\\/fr\\\/#website\"},\"datePublished\":\"2020-03-23T16:45:33+00:00\",\"dateModified\":\"2024-06-13T13:11:10+00:00\",\"breadcrumb\":{\"@id\":\"https:\\\/\\\/sbv-asgm.ch\\\/fr\\\/covid-19\\\/#breadcrumb\"},\"inLanguage\":\"fr-FR\",\"potentialAction\":[{\"@type\":\"ReadAction\",\"target\":[\"https:\\\/\\\/sbv-asgm.ch\\\/fr\\\/covid-19\\\/\"]}]},{\"@type\":\"BreadcrumbList\",\"@id\":\"https:\\\/\\\/sbv-asgm.ch\\\/fr\\\/covid-19\\\/#breadcrumb\",\"itemListElement\":[{\"@type\":\"ListItem\",\"position\":1,\"name\":\"Startseite\",\"item\":\"https:\\\/\\\/sbv-asgm.ch\\\/fr\\\/accociation-suisse-des-guides-de-montagne-sbv-asgm\\\/\"},{\"@type\":\"ListItem\",\"position\":2,\"name\":\"Covid 19\"}]},{\"@type\":\"WebSite\",\"@id\":\"https:\\\/\\\/sbv-asgm.ch\\\/fr\\\/#website\",\"url\":\"https:\\\/\\\/sbv-asgm.ch\\\/fr\\\/\",\"name\":\"Schweizer Bergf\u00fchrerverband SBV-ASGM\",\"description\":\"Bergf\u00fchrer, Wanderleiter, Kletterlehrer, H\u00f6henarbeiter\",\"publisher\":{\"@id\":\"https:\\\/\\\/sbv-asgm.ch\\\/fr\\\/#organization\"},\"potentialAction\":[{\"@type\":\"SearchAction\",\"target\":{\"@type\":\"EntryPoint\",\"urlTemplate\":\"https:\\\/\\\/sbv-asgm.ch\\\/fr\\\/?s={search_term_string}\"},\"query-input\":{\"@type\":\"PropertyValueSpecification\",\"valueRequired\":true,\"valueName\":\"search_term_string\"}}],\"inLanguage\":\"fr-FR\"},{\"@type\":\"Organization\",\"@id\":\"https:\\\/\\\/sbv-asgm.ch\\\/fr\\\/#organization\",\"name\":\"Schweizer Bergf\u00fchrerverband SBV-ASGM\",\"alternateName\":\"SBV-ASGM\",\"url\":\"https:\\\/\\\/sbv-asgm.ch\\\/fr\\\/\",\"logo\":{\"@type\":\"ImageObject\",\"inLanguage\":\"fr-FR\",\"@id\":\"https:\\\/\\\/sbv-asgm.ch\\\/fr\\\/#\\\/schema\\\/logo\\\/image\\\/\",\"url\":\"https:\\\/\\\/sbv-asgm.ch\\\/wp-content\\\/uploads\\\/logo-sbv-asgm.png\",\"contentUrl\":\"https:\\\/\\\/sbv-asgm.ch\\\/wp-content\\\/uploads\\\/logo-sbv-asgm.png\",\"width\":400,\"height\":130,\"caption\":\"Schweizer Bergf\u00fchrerverband SBV-ASGM\"},\"image\":{\"@id\":\"https:\\\/\\\/sbv-asgm.ch\\\/fr\\\/#\\\/schema\\\/logo\\\/image\\\/\"}}]}<\/script>\n<!-- \/ Yoast SEO plugin. -->","yoast_head_json":{"title":"Covid 19 - Schweizer Bergf\u00fchrerverband SBV-ASGM","robots":{"index":"index","follow":"follow","max-snippet":"max-snippet:-1","max-image-preview":"max-image-preview:large","max-video-preview":"max-video-preview:-1"},"canonical":"https:\/\/sbv-asgm.ch\/fr\/covid-19\/","og_locale":"fr_FR","og_type":"article","og_title":"Covid 19 - Schweizer Bergf\u00fchrerverband SBV-ASGM","og_url":"https:\/\/sbv-asgm.ch\/fr\/covid-19\/","og_site_name":"Schweizer Bergf\u00fchrerverband SBV-ASGM","article_modified_time":"2024-06-13T13:11:10+00:00","twitter_card":"summary_large_image","twitter_misc":{"Dur\u00e9e de lecture estim\u00e9e":"4 minutes"},"schema":{"@context":"https:\/\/schema.org","@graph":[{"@type":"WebPage","@id":"https:\/\/sbv-asgm.ch\/fr\/covid-19\/","url":"https:\/\/sbv-asgm.ch\/fr\/covid-19\/","name":"Covid 19 - Schweizer Bergf\u00fchrerverband SBV-ASGM","isPartOf":{"@id":"https:\/\/sbv-asgm.ch\/fr\/#website"},"datePublished":"2020-03-23T16:45:33+00:00","dateModified":"2024-06-13T13:11:10+00:00","breadcrumb":{"@id":"https:\/\/sbv-asgm.ch\/fr\/covid-19\/#breadcrumb"},"inLanguage":"fr-FR","potentialAction":[{"@type":"ReadAction","target":["https:\/\/sbv-asgm.ch\/fr\/covid-19\/"]}]},{"@type":"BreadcrumbList","@id":"https:\/\/sbv-asgm.ch\/fr\/covid-19\/#breadcrumb","itemListElement":[{"@type":"ListItem","position":1,"name":"Startseite","item":"https:\/\/sbv-asgm.ch\/fr\/accociation-suisse-des-guides-de-montagne-sbv-asgm\/"},{"@type":"ListItem","position":2,"name":"Covid 19"}]},{"@type":"WebSite","@id":"https:\/\/sbv-asgm.ch\/fr\/#website","url":"https:\/\/sbv-asgm.ch\/fr\/","name":"Schweizer Bergf\u00fchrerverband SBV-ASGM","description":"Bergf\u00fchrer, Wanderleiter, Kletterlehrer, H\u00f6henarbeiter","publisher":{"@id":"https:\/\/sbv-asgm.ch\/fr\/#organization"},"potentialAction":[{"@type":"SearchAction","target":{"@type":"EntryPoint","urlTemplate":"https:\/\/sbv-asgm.ch\/fr\/?s={search_term_string}"},"query-input":{"@type":"PropertyValueSpecification","valueRequired":true,"valueName":"search_term_string"}}],"inLanguage":"fr-FR"},{"@type":"Organization","@id":"https:\/\/sbv-asgm.ch\/fr\/#organization","name":"Schweizer Bergf\u00fchrerverband SBV-ASGM","alternateName":"SBV-ASGM","url":"https:\/\/sbv-asgm.ch\/fr\/","logo":{"@type":"ImageObject","inLanguage":"fr-FR","@id":"https:\/\/sbv-asgm.ch\/fr\/#\/schema\/logo\/image\/","url":"https:\/\/sbv-asgm.ch\/wp-content\/uploads\/logo-sbv-asgm.png","contentUrl":"https:\/\/sbv-asgm.ch\/wp-content\/uploads\/logo-sbv-asgm.png","width":400,"height":130,"caption":"Schweizer Bergf\u00fchrerverband SBV-ASGM"},"image":{"@id":"https:\/\/sbv-asgm.ch\/fr\/#\/schema\/logo\/image\/"}}]}},"publishpress_future_action":{"enabled":false,"date":"2026-05-06 15:37:29","action":"change-status","newStatus":"draft","terms":[],"taxonomy":"translation_priority","extraData":[]},"publishpress_future_workflow_manual_trigger":{"enabledWorkflows":[]},"_links":{"self":[{"href":"https:\/\/sbv-asgm.ch\/fr\/wp-json\/wp\/v2\/pages\/16675","targetHints":{"allow":["GET"]}}],"collection":[{"href":"https:\/\/sbv-asgm.ch\/fr\/wp-json\/wp\/v2\/pages"}],"about":[{"href":"https:\/\/sbv-asgm.ch\/fr\/wp-json\/wp\/v2\/types\/page"}],"author":[{"embeddable":true,"href":"https:\/\/sbv-asgm.ch\/fr\/wp-json\/wp\/v2\/users\/10"}],"replies":[{"embeddable":true,"href":"https:\/\/sbv-asgm.ch\/fr\/wp-json\/wp\/v2\/comments?post=16675"}],"version-history":[{"count":69,"href":"https:\/\/sbv-asgm.ch\/fr\/wp-json\/wp\/v2\/pages\/16675\/revisions"}],"predecessor-version":[{"id":34675,"href":"https:\/\/sbv-asgm.ch\/fr\/wp-json\/wp\/v2\/pages\/16675\/revisions\/34675"}],"wp:attachment":[{"href":"https:\/\/sbv-asgm.ch\/fr\/wp-json\/wp\/v2\/media?parent=16675"}],"curies":[{"name":"wp","href":"https:\/\/api.w.org\/{rel}","templated":true}]}}